{"id":464,"date":"2017-06-28T11:37:44","date_gmt":"2017-06-28T11:37:44","guid":{"rendered":"https:\/\/www.blachere-ictt.com\/decoracion-con-guirnaldas\/"},"modified":"2024-07-30T08:13:06","modified_gmt":"2024-07-30T08:13:06","slug":"il%c2%b7luminacio-i-decoracio-amb-garlandes","status":"publish","type":"page","link":"https:\/\/www.blachere-ictt.com\/ca\/il%c2%b7luminacio-i-decoracio-amb-garlandes\/","title":{"rendered":"Il\u00b7luminaci\u00f3 i decoraci\u00f3 amb Garlandes"},"content":{"rendered":"<p><div class=\"fusion-fullwidth fullwidth-box fusion-builder-row-1 fusion-flex-container nonhundred-percent-fullwidth non-hundred-percent-height-scrolling\" style=\"--awb-border-radius-top-left:0px;--awb-border-radius-top-right:0px;--awb-border-radius-bottom-right:0px;--awb-border-radius-bottom-left:0px;--awb-background-color:#000000;--awb-flex-wrap:wrap;\" ><div class=\"fusion-builder-row fusion-row fusion-flex-align-items-flex-start fusion-flex-content-wrap\" style=\"max-width:1144px;margin-left: calc(-4% \/ 2 );margin-right: calc(-4% \/ 2 );\"><div class=\"fusion-layout-column fusion_builder_column fusion-builder-column-0 fusion_builder_column_1_1 1_1 fusion-flex-column\" style=\"--awb-bg-size:cover;--awb-width-large:100%;--awb-margin-top-large:120px;--awb-spacing-right-large:1.92%;--awb-margin-bottom-large:120px;--awb-spacing-left-large:1.92%;--awb-width-medium:100%;--awb-spacing-right-medium:1.92%;--awb-spacing-left-medium:1.92%;--awb-width-small:100%;--awb-spacing-right-small:1.92%;--awb-spacing-left-small:1.92%;\"><div class=\"fusion-column-wrapper fusion-flex-justify-content-flex-start fusion-content-layout-column\"><div class=\"fusion-title title fusion-title-1 sep-underline sep-solid fusion-title-center fusion-title-text fusion-title-size-one\" style=\"--awb-margin-top-small:10px;--awb-margin-bottom-small:10px;--awb-sep-color:#ffffff;\"><h1 class=\"fusion-title-heading title-heading-center\" style=\"margin:0;\"><h1 style=\"font-size: 35px; text-align: center;\"><span style=\"color: #ffffff;\"><strong>DESCOBREIX LA NOSTRA GRAN GAMMA DE GARLANDES<\/strong><br \/>\nIl\u00b7luminaci\u00f3 decorativa de carrers, edificis i centres comercials amb garlandes.<br \/>\n<\/span><\/h1><\/h1><\/div><div class=\"fusion-text fusion-text-1\"><h3 style=\"text-align: justify;\"><span style=\"color: #ffffff;\">Una gamma \u00fanica que us permet flexibilitat en el vostre projecte d&#8217;il\u00b7luminaci\u00f3. Exploreu el nostre cat\u00e0leg per descobrir els diferents models de <strong>Guirnaldes, Cortines, Estalactites, Fil lumi\u00e8re<\/strong>, i amb el sistema de Led m\u00e9s llumin\u00f3s del mercat!. L&#8217;est\u00e8tica de totes les nostres col\u00b7leccions \u00e9s harmoniosa, cosa que us permet combinar dissenys per adaptar-los a vost\u00e8, perfeccionant el vostre projecte mitjan\u00e7ant l&#8217;elecci\u00f3 entre una gran varietat de productes i accessoris.<\/span><\/h3>\n<h2 style=\"text-align: center;\"><span style=\"color: #ffffff;\"><strong>Creem la Il\u00b7luminaci\u00f3 que s&#8217;adapta a vosaltres!<\/strong><\/span><\/h2>\n<\/div><\/div><\/div><\/div><\/div><div class=\"fusion-fullwidth fullwidth-box fusion-builder-row-2 fusion-flex-container nonhundred-percent-fullwidth non-hundred-percent-height-scrolling\" style=\"--awb-border-radius-top-left:0px;--awb-border-radius-top-right:0px;--awb-border-radius-bottom-right:0px;--awb-border-radius-bottom-left:0px;--awb-background-color:#ffffff;--awb-flex-wrap:wrap;\" ><div class=\"fusion-builder-row fusion-row fusion-flex-align-items-flex-start fusion-flex-content-wrap\" style=\"max-width:1144px;margin-left: calc(-4% \/ 2 );margin-right: calc(-4% \/ 2 );\"><div class=\"fusion-layout-column fusion_builder_column fusion-builder-column-1 fusion_builder_column_1_1 1_1 fusion-flex-column\" style=\"--awb-bg-size:cover;--awb-width-large:100%;--awb-margin-top-large:140px;--awb-spacing-right-large:1.92%;--awb-margin-bottom-large:140px;--awb-spacing-left-large:1.92%;--awb-width-medium:100%;--awb-spacing-right-medium:1.92%;--awb-spacing-left-medium:1.92%;--awb-width-small:100%;--awb-spacing-right-small:1.92%;--awb-spacing-left-small:1.92%;\"><div class=\"fusion-column-wrapper fusion-flex-justify-content-flex-start fusion-content-layout-column\"><div class=\"fusion-title title fusion-title-2 fusion-sep-none fusion-title-center fusion-title-text fusion-title-size-one\" style=\"--awb-margin-bottom:0px;--awb-margin-top-small:10px;--awb-margin-bottom-small:10px;--awb-sep-color:#ffffff;\"><h1 class=\"fusion-title-heading title-heading-center\" style=\"margin:0;\"><h2 style=\"font-size: 50px; text-align: center;\">T&#8217;AGRADEN ELS NOSTRES PRODUCTES? SOL\u00b7LICITA ELS NOSTRES CAT\u00c0LEGS<\/h2><\/h1><\/div><div class=\"fusion-text fusion-text-2\"><h3 style=\"text-align: center;\">Et podem oferir molt m\u00e9s. Si vols, pots ampliar la informaci\u00f3 sol\u00b7licitant els nostres cat\u00e0legs de temporada.<br \/>\nEnvia&#8217;ns un correu a info@blachere-ictt.com, amb les teves dades personals i te&#8217;ls enviarem el m\u00e9s aviat possible.<br \/>\nMoltes gr\u00e0cies!<\/h3>\n<\/div><\/div><\/div><\/div><\/div><div class=\"fusion-fullwidth fullwidth-box fusion-builder-row-3 fusion-flex-container hundred-percent-fullwidth non-hundred-percent-height-scrolling\" style=\"--awb-background-position:left top;--awb-border-radius-top-left:0px;--awb-border-radius-top-right:0px;--awb-border-radius-bottom-right:0px;--awb-border-radius-bottom-left:0px;--awb-padding-top:0px;--awb-padding-bottom:0px;--awb-margin-top:0px;--awb-margin-bottom:0px;--awb-background-color:#e9e9e9;--awb-flex-wrap:wrap;\" ><div class=\"fusion-builder-row fusion-row fusion-flex-align-items-flex-start fusion-flex-content-wrap\" style=\"width:104% !important;max-width:104% !important;margin-left: calc(-4% \/ 2 );margin-right: calc(-4% \/ 2 );\"><div class=\"fusion-layout-column fusion_builder_column fusion-builder-column-2 fusion_builder_column_1_2 1_2 fusion-flex-column\" style=\"--awb-bg-size:cover;--awb-width-large:50%;--awb-margin-top-large:0px;--awb-spacing-right-large:0%;--awb-margin-bottom-large:0px;--awb-spacing-left-large:3.84%;--awb-width-medium:50%;--awb-spacing-right-medium:0%;--awb-spacing-left-medium:3.84%;--awb-width-small:100%;--awb-spacing-right-small:1.92%;--awb-spacing-left-small:1.92%;\"><div class=\"fusion-column-wrapper fusion-flex-justify-content-flex-start fusion-content-layout-column\"><div class=\"fusion-image-element \" style=\"text-align:left;--awb-caption-title-font-family:var(--h2_typography-font-family);--awb-caption-title-font-weight:var(--h2_typography-font-weight);--awb-caption-title-font-style:var(--h2_typography-font-style);--awb-caption-title-size:var(--h2_typography-font-size);--awb-caption-title-transform:var(--h2_typography-text-transform);--awb-caption-title-line-height:var(--h2_typography-line-height);--awb-caption-title-letter-spacing:var(--h2_typography-letter-spacing);\"><span class=\" fusion-imageframe imageframe-none imageframe-1 hover-type-none\"><img decoding=\"async\" width=\"800\" height=\"500\" title=\"fajudem\" src=\"https:\/\/www.blachere-ictt.com\/wp-content\/uploads\/2017\/06\/fajudem-e1498575384508.jpg\" alt class=\"img-responsive wp-image-710\"\/><\/span><\/div><\/div><\/div><div class=\"fusion-layout-column fusion_builder_column fusion-builder-column-3 fusion_builder_column_1_2 1_2 fusion-flex-column\" style=\"--awb-bg-size:cover;--awb-width-large:50%;--awb-margin-top-large:75px;--awb-spacing-right-large:3.84%;--awb-margin-bottom-large:75px;--awb-spacing-left-large:0%;--awb-width-medium:50%;--awb-spacing-right-medium:3.84%;--awb-spacing-left-medium:0%;--awb-width-small:100%;--awb-spacing-right-small:1.92%;--awb-spacing-left-small:1.92%;\"><div class=\"fusion-column-wrapper fusion-flex-justify-content-flex-start fusion-content-layout-column\"><div class=\"fusion-title title fusion-title-3 fusion-sep-none fusion-title-text fusion-title-size-one\" style=\"--awb-margin-top-small:10px;--awb-margin-bottom-small:10px;\"><h1 class=\"fusion-title-heading title-heading-left\" style=\"margin:0;\">VOLS QUE T&#8217;AJUDEM?<\/h1><\/div><div class=\"fusion-text fusion-text-3\"><h2>Explica&#8217;ns qu\u00e8 vols il\u00b7luminar i decorar i nosaltres et direm com i amb quin producte. Et fem el projecte a la TEVA mida!<\/h2>\n<\/div><div style=\"text-align:left;\"><a class=\"fusion-button button-flat button-xlarge button-custom fusion-button-default button-1 fusion-button-default-span fusion-button-default-type\" style=\"--button_accent_color:#ffffff;--button_accent_hover_color:#ffffff;--button_border_hover_color:#ffffff;--button_gradient_top_color:#939393;--button_gradient_bottom_color:#939393;--button_gradient_top_color_hover:#939393;--button_gradient_bottom_color_hover:#939393;\" target=\"_self\" href=\"https:\/\/www.blachere-ictt.com\/ca\/el-seu-projecte\/\"><span class=\"fusion-button-text awb-button__text awb-button__text--default\">Veure m\u00e9s<\/span><\/a><\/div><\/div><\/div><\/div><\/div><\/p>\n","protected":false},"excerpt":{"rendered":"","protected":false},"author":1,"featured_media":0,"parent":0,"menu_order":0,"comment_status":"closed","ping_status":"closed","template":"100-width.php","meta":{"footnotes":""},"class_list":["post-464","page","type-page","status-publish","hentry"],"yoast_head":"<!-- This site is optimized with the Yoast SEO plugin v27.3 - https:\/\/yoast.com\/product\/yoast-seo-wordpress\/ -->\n<title>Il\u00b7luminaci\u00f3 i decoraci\u00f3 amb Garlandes - BLACHERE-ICTT<\/title>\n<meta name=\"description\" content=\"DESCOBREIXI LA NOSTRA GAMMA DE GARLANDES, CORTINES, estalactites i FIL LUMIERE per a il\u00b7luminaci\u00f3 decorativa de carrers, centres comercials i ciutats.\" \/>\n<meta name=\"robots\" content=\"index, follow, max-snippet:-1, max-image-preview:large, max-video-preview:-1\" \/>\n<link rel=\"canonical\" href=\"https:\/\/www.blachere-ictt.com\/ca\/il\u00b7luminacio-i-decoracio-amb-garlandes\/\" \/>\n<meta property=\"og:locale\" content=\"ca_ES\" \/>\n<meta property=\"og:type\" content=\"article\" \/>\n<meta property=\"og:title\" content=\"Il\u00b7luminaci\u00f3 i decoraci\u00f3 amb Garlandes - BLACHERE-ICTT\" \/>\n<meta property=\"og:description\" content=\"DESCOBREIXI LA NOSTRA GAMMA DE GARLANDES, CORTINES, estalactites i FIL LUMIERE per a il\u00b7luminaci\u00f3 decorativa de carrers, centres comercials i ciutats.\" \/>\n<meta property=\"og:url\" content=\"https:\/\/www.blachere-ictt.com\/ca\/il\u00b7luminacio-i-decoracio-amb-garlandes\/\" \/>\n<meta property=\"og:site_name\" content=\"BLACHERE-ICTT\" \/>\n<meta property=\"article:modified_time\" content=\"2024-07-30T08:13:06+00:00\" \/>\n<meta name=\"twitter:card\" content=\"summary_large_image\" \/>\n<meta name=\"twitter:label1\" content=\"Est. reading time\" \/>\n\t<meta name=\"twitter:data1\" content=\"1 minute\" \/>\n<script type=\"application\/ld+json\" class=\"yoast-schema-graph\">{\"@context\":\"https:\\\/\\\/schema.org\",\"@graph\":[{\"@type\":\"WebPage\",\"@id\":\"https:\\\/\\\/www.blachere-ictt.com\\\/ca\\\/il%c2%b7luminacio-i-decoracio-amb-garlandes\\\/\",\"url\":\"https:\\\/\\\/www.blachere-ictt.com\\\/ca\\\/il%c2%b7luminacio-i-decoracio-amb-garlandes\\\/\",\"name\":\"Il\u00b7luminaci\u00f3 i decoraci\u00f3 amb Garlandes - BLACHERE-ICTT\",\"isPartOf\":{\"@id\":\"https:\\\/\\\/www.blachere-ictt.com\\\/#website\"},\"datePublished\":\"2017-06-28T11:37:44+00:00\",\"dateModified\":\"2024-07-30T08:13:06+00:00\",\"description\":\"DESCOBREIXI LA NOSTRA GAMMA DE GARLANDES, CORTINES, estalactites i FIL LUMIERE per a il\u00b7luminaci\u00f3 decorativa de carrers, centres comercials i ciutats.\",\"breadcrumb\":{\"@id\":\"https:\\\/\\\/www.blachere-ictt.com\\\/ca\\\/il%c2%b7luminacio-i-decoracio-amb-garlandes\\\/#breadcrumb\"},\"inLanguage\":\"ca-ES\",\"potentialAction\":[{\"@type\":\"ReadAction\",\"target\":[\"https:\\\/\\\/www.blachere-ictt.com\\\/ca\\\/il%c2%b7luminacio-i-decoracio-amb-garlandes\\\/\"]}]},{\"@type\":\"BreadcrumbList\",\"@id\":\"https:\\\/\\\/www.blachere-ictt.com\\\/ca\\\/il%c2%b7luminacio-i-decoracio-amb-garlandes\\\/#breadcrumb\",\"itemListElement\":[{\"@type\":\"ListItem\",\"position\":1,\"name\":\"Portada\",\"item\":\"https:\\\/\\\/www.blachere-ictt.com\\\/ca\\\/\"},{\"@type\":\"ListItem\",\"position\":2,\"name\":\"Il\u00b7luminaci\u00f3 i decoraci\u00f3 amb Garlandes\"}]},{\"@type\":\"WebSite\",\"@id\":\"https:\\\/\\\/www.blachere-ictt.com\\\/#website\",\"url\":\"https:\\\/\\\/www.blachere-ictt.com\\\/\",\"name\":\"BLACHERE-ICTT\",\"description\":\"Tot un m\u00f3n en il\u00b7luminaci\u00f3 decorativa\",\"potentialAction\":[{\"@type\":\"SearchAction\",\"target\":{\"@type\":\"EntryPoint\",\"urlTemplate\":\"https:\\\/\\\/www.blachere-ictt.com\\\/?s={search_term_string}\"},\"query-input\":{\"@type\":\"PropertyValueSpecification\",\"valueRequired\":true,\"valueName\":\"search_term_string\"}}],\"inLanguage\":\"ca-ES\"}]}<\/script>\n<!-- \/ Yoast SEO plugin. -->","yoast_head_json":{"title":"Il\u00b7luminaci\u00f3 i decoraci\u00f3 amb Garlandes - BLACHERE-ICTT","description":"DESCOBREIXI LA NOSTRA GAMMA DE GARLANDES, CORTINES, estalactites i FIL LUMIERE per a il\u00b7luminaci\u00f3 decorativa de carrers, centres comercials i ciutats.","robots":{"index":"index","follow":"follow","max-snippet":"max-snippet:-1","max-image-preview":"max-image-preview:large","max-video-preview":"max-video-preview:-1"},"canonical":"https:\/\/www.blachere-ictt.com\/ca\/il\u00b7luminacio-i-decoracio-amb-garlandes\/","og_locale":"ca_ES","og_type":"article","og_title":"Il\u00b7luminaci\u00f3 i decoraci\u00f3 amb Garlandes - BLACHERE-ICTT","og_description":"DESCOBREIXI LA NOSTRA GAMMA DE GARLANDES, CORTINES, estalactites i FIL LUMIERE per a il\u00b7luminaci\u00f3 decorativa de carrers, centres comercials i ciutats.","og_url":"https:\/\/www.blachere-ictt.com\/ca\/il\u00b7luminacio-i-decoracio-amb-garlandes\/","og_site_name":"BLACHERE-ICTT","article_modified_time":"2024-07-30T08:13:06+00:00","twitter_card":"summary_large_image","twitter_misc":{"Est. reading time":"1 minute"},"schema":{"@context":"https:\/\/schema.org","@graph":[{"@type":"WebPage","@id":"https:\/\/www.blachere-ictt.com\/ca\/il%c2%b7luminacio-i-decoracio-amb-garlandes\/","url":"https:\/\/www.blachere-ictt.com\/ca\/il%c2%b7luminacio-i-decoracio-amb-garlandes\/","name":"Il\u00b7luminaci\u00f3 i decoraci\u00f3 amb Garlandes - BLACHERE-ICTT","isPartOf":{"@id":"https:\/\/www.blachere-ictt.com\/#website"},"datePublished":"2017-06-28T11:37:44+00:00","dateModified":"2024-07-30T08:13:06+00:00","description":"DESCOBREIXI LA NOSTRA GAMMA DE GARLANDES, CORTINES, estalactites i FIL LUMIERE per a il\u00b7luminaci\u00f3 decorativa de carrers, centres comercials i ciutats.","breadcrumb":{"@id":"https:\/\/www.blachere-ictt.com\/ca\/il%c2%b7luminacio-i-decoracio-amb-garlandes\/#breadcrumb"},"inLanguage":"ca-ES","potentialAction":[{"@type":"ReadAction","target":["https:\/\/www.blachere-ictt.com\/ca\/il%c2%b7luminacio-i-decoracio-amb-garlandes\/"]}]},{"@type":"BreadcrumbList","@id":"https:\/\/www.blachere-ictt.com\/ca\/il%c2%b7luminacio-i-decoracio-amb-garlandes\/#breadcrumb","itemListElement":[{"@type":"ListItem","position":1,"name":"Portada","item":"https:\/\/www.blachere-ictt.com\/ca\/"},{"@type":"ListItem","position":2,"name":"Il\u00b7luminaci\u00f3 i decoraci\u00f3 amb Garlandes"}]},{"@type":"WebSite","@id":"https:\/\/www.blachere-ictt.com\/#website","url":"https:\/\/www.blachere-ictt.com\/","name":"BLACHERE-ICTT","description":"Tot un m\u00f3n en il\u00b7luminaci\u00f3 decorativa","potentialAction":[{"@type":"SearchAction","target":{"@type":"EntryPoint","urlTemplate":"https:\/\/www.blachere-ictt.com\/?s={search_term_string}"},"query-input":{"@type":"PropertyValueSpecification","valueRequired":true,"valueName":"search_term_string"}}],"inLanguage":"ca-ES"}]}},"_links":{"self":[{"href":"https:\/\/www.blachere-ictt.com\/ca\/wp-json\/wp\/v2\/pages\/464","targetHints":{"allow":["GET"]}}],"collection":[{"href":"https:\/\/www.blachere-ictt.com\/ca\/wp-json\/wp\/v2\/pages"}],"about":[{"href":"https:\/\/www.blachere-ictt.com\/ca\/wp-json\/wp\/v2\/types\/page"}],"author":[{"embeddable":true,"href":"https:\/\/www.blachere-ictt.com\/ca\/wp-json\/wp\/v2\/users\/1"}],"replies":[{"embeddable":true,"href":"https:\/\/www.blachere-ictt.com\/ca\/wp-json\/wp\/v2\/comments?post=464"}],"version-history":[{"count":17,"href":"https:\/\/www.blachere-ictt.com\/ca\/wp-json\/wp\/v2\/pages\/464\/revisions"}],"predecessor-version":[{"id":1027,"href":"https:\/\/www.blachere-ictt.com\/ca\/wp-json\/wp\/v2\/pages\/464\/revisions\/1027"}],"wp:attachment":[{"href":"https:\/\/www.blachere-ictt.com\/ca\/wp-json\/wp\/v2\/media?parent=464"}],"curies":[{"name":"wp","href":"https:\/\/api.w.org\/{rel}","templated":true}]}}